{"id":250,"date":"2025-03-31T14:19:30","date_gmt":"2025-03-31T14:19:30","guid":{"rendered":"https:\/\/primavera.ms2.decms.eu\/?page_id=250"},"modified":"2025-03-31T14:21:34","modified_gmt":"2025-03-31T14:21:34","slug":"legal-info","status":"publish","type":"page","link":"https:\/\/www.primaverahotel.cz\/de\/legal-info\/","title":{"rendered":"Legal Info"},"content":{"rendered":"<p>Hinweis zur Erf\u00fcllung der Informationspflicht (DSGVO)<\/p>\n<p>EXIMPO PLZE\u0147, spol. s r.o., Firmen-ID: 40523811, USt-ID CZ40523811, eingetragen beim Regionalgericht in Plze\u0148 unter Abteilung C, Datei 1015, mit Sitz in Nepomuck\u00e1 1058\/128, 326 00 Plze\u0148 (\u201eVerantwortlicher\u201c), verarbeitet personenbezogene Daten gem\u00e4\u00df der Verordnung (EU) 2016\/679 des Europ\u00e4ischen Parlaments und des Rates vom 27. April 2016, Allgemeine Datenschutzverordnung (\u201eDSGVO\u201c) und anderen anwendbaren gesetzlichen Vorschriften.<\/p>\n<p>Zu den Zwecken der Mitarbeitereinstellung, arbeitsrechtlichen Angelegenheiten, Lohnabrechnung, Anwesenheitskontrolle, Reservierungen, F\u00fchrung von Aufzeichnungen, Verwaltung des Hausbuchs, G\u00e4steanmeldung, Schutz von Eigentum durch CCTV und Versand von Serviceangeboten werden personenbezogene Daten\/Kategorien von personenbezogenen Daten verarbeitet, einschlie\u00dflich Daten, die zur direkten Identifizierung einer nat\u00fcrlichen Person f\u00fchren, d. h. Adress- und Identifikationsdaten, beschreibende Daten sowie Daten, die zur indirekten Identifizierung einer nat\u00fcrlichen Person f\u00fchren, basierend auf einer gesetzlichen Verpflichtung, der Erf\u00fcllung eines Vertrags, berechtigtem Interesse und der Zustimmung der betroffenen Person.<\/p>\n<p>Der Verantwortliche wird personenbezogene Daten manuell und automatisch verarbeiten, sowohl direkt durch seine autorisierten Mitarbeiter als auch durch den vom Verantwortlichen beauftragten Auftragsverarbeiter auf Grundlage von Vereinbarungen zur Datenverarbeitung.<\/p>\n<p>Eine Liste der Empf\u00e4nger\/Kategorien von Empf\u00e4ngern, an die personenbezogene Daten der betroffenen Person offengelegt werden k\u00f6nnen, ist auf unserer Website verf\u00fcgbar (www.primaverahotel.cz\/cs\/gdpr).<\/p>\n<p>Der Verantwortliche wird personenbezogene Daten so lange verarbeiten, wie es zur Erreichung des beabsichtigten Zwecks erforderlich ist.<\/p>\n<p>Die betroffene Person hat das Recht auf Auskunft \u00fcber ihre personenbezogenen Daten, die vom Verantwortlichen verarbeitet werden, auf Berichtigung oder L\u00f6schung dieser Daten, auf Einschr\u00e4nkung der Verarbeitung und das Recht, der Verarbeitung zu widersprechen.<\/p>\n<p>Die betroffene Person hat auch das Recht, vom Verantwortlichen die personenbezogenen Daten zu erhalten, die sie dem Verantwortlichen zur Verf\u00fcgung gestellt hat. Auf Anfrage der betroffenen Person wird der Verantwortliche die Daten unverz\u00fcglich in einem strukturierten, allgemein gebr\u00e4uchlichen und maschinenlesbaren Format zur Verf\u00fcgung stellen oder sie auf Wunsch der betroffenen Person an einen anderen eindeutig identifizierten Verantwortlichen \u00fcbermitteln. Dieses Recht gilt nicht f\u00fcr personenbezogene Daten, die nicht automatisch verarbeitet werden.<\/p>\n<p>Der Verantwortliche beabsichtigt nicht, personenbezogene Daten an Drittl\u00e4nder zu \u00fcbermitteln.<\/p>\n<p>Wenn die betroffene Person der Ansicht ist, dass ihre personenbezogenen Daten unrechtm\u00e4\u00dfig verarbeitet werden, kann sie eine Beschwerde bei der Aufsichtsbeh\u00f6rde einreichen, die f\u00fcr die Tschechische Republik das Amt f\u00fcr den Schutz personenbezogener Daten (www.uoou.cz) ist.<\/p>\n<p>Kontaktdaten des Verantwortlichen:<\/p>\n<p>EXIMPO PLZE\u0147, spol. s r.o.<br \/>\nNepomuck\u00e1 1058\/128, 326 00<br \/>\nIng. Martin Chalu\u0161, Gesch\u00e4ftsf\u00fchrer<br \/>\nT. +420 378 020 500, E. chalus@primaverahotel.cz<\/p>\n<p>Plze\u0148, 25. Mai 2018<br \/>\nIng. Martin Chalu\u0161<br \/>\nGesch\u00e4ftsf\u00fchrer<br \/>\nEXIMPO PLZE\u0147, spol. s r.o.<\/p>\n<p>Informationspflicht zur au\u00dfergerichtlichen Beilegung von Verbrauchergesch\u00e4ften gem\u00e4\u00df \u00a7 14 Abs. (1) des Gesetzes Nr. 634\/1992 Slg., \u00fcber den Verbraucherschutz<\/p>\n<p>Falls ein Verbraucherstreit aus einem Kaufvertrag oder einem Dienstleistungsvertrag entsteht, der nicht durch gegenseitige Vereinbarung zwischen uns und dem Verbraucher gel\u00f6st werden kann, kann der Verbraucher einen Vorschlag zur au\u00dfergerichtlichen Beilegung des Streits bei einer Stelle f\u00fcr alternative Streitbeilegung einreichen, die ist:<\/p>\n<p>\u010cesk\u00e1 obchodn\u00ed inspekce<br \/>\nInspektorat f\u00fcr die Plze\u0148 und Karlovarsk\u00fd Regionen<br \/>\nHou\u0161kova 661\/33, 326 00 Plze\u0148<\/p>\n<p>Sekretariat: +420 377 323 596<br \/>\nFax: +420 296 366 236<br \/>\nIS DS: ytqdz5f<\/p>\n<p>Ing. Martin Chalu\u0161<br \/>\nGesch\u00e4ftsf\u00fchrer<br \/>\nEXIMPO PLZE\u0147, spol. s r.o.<\/p>\n","protected":false},"excerpt":{"rendered":"<p>Hinweis zur Erf\u00fcllung der Informationspflicht (DSGVO) EXIMPO PLZE\u0147, spol. s r.o., Firmen-ID: 40523811, USt-ID CZ40523811, eingetragen beim Regionalgericht in Plze\u0148 unter Abteilung C, Datei 1015, mit Sitz in Nepomuck\u00e1 1058\/128, 326 00 Plze\u0148 (\u201eVerantwortlicher\u201c), verarbeitet personenbezogene Daten gem\u00e4\u00df der Verordnung (EU) 2016\/679 des Europ\u00e4ischen Parlaments und des Rates vom 27. April 2016, Allgemeine Datenschutzverordnung (\u201eDSGVO\u201c) [&hellip;]<\/p>\n","protected":false},"author":8,"featured_media":0,"parent":0,"menu_order":900,"comment_status":"closed","ping_status":"closed","template":"","meta":{"footnotes":""},"yoast_head":"<!-- This site is optimized with the Yoast SEO plugin v22.3 - https:\/\/yoast.com\/wordpress\/plugins\/seo\/ -->\n<title>Legal Info &#8226; Primavera Hotel &amp; Congress centre<\/title>\n<meta name=\"robots\" content=\"index, follow, max-snippet:-1, max-image-preview:large, max-video-preview:-1\" \/>\n<link rel=\"canonical\" href=\"https:\/\/www.primaverahotel.cz\/de\/legal-info\/\" \/>\n<meta property=\"og:locale\" content=\"de_DE\" \/>\n<meta property=\"og:type\" content=\"article\" \/>\n<meta property=\"og:title\" content=\"Legal Info &#8226; Primavera Hotel &amp; Congress centre\" \/>\n<meta property=\"og:description\" content=\"Hinweis zur Erf\u00fcllung der Informationspflicht (DSGVO) EXIMPO PLZE\u0147, spol. s r.o., Firmen-ID: 40523811, USt-ID CZ40523811, eingetragen beim Regionalgericht in Plze\u0148 unter Abteilung C, Datei 1015, mit Sitz in Nepomuck\u00e1 1058\/128, 326 00 Plze\u0148 (\u201eVerantwortlicher\u201c), verarbeitet personenbezogene Daten gem\u00e4\u00df der Verordnung (EU) 2016\/679 des Europ\u00e4ischen Parlaments und des Rates vom 27. April 2016, Allgemeine Datenschutzverordnung (\u201eDSGVO\u201c) [&hellip;]\" \/>\n<meta property=\"og:url\" content=\"https:\/\/www.primaverahotel.cz\/de\/legal-info\/\" \/>\n<meta property=\"og:site_name\" content=\"Primavera Hotel &amp; Congress centre\" \/>\n<meta property=\"article:publisher\" content=\"https:\/\/www.facebook.com\/primaverahotel.cz\" \/>\n<meta property=\"article:modified_time\" content=\"2025-03-31T14:21:34+00:00\" \/>\n<meta property=\"og:image\" content=\"https:\/\/www.primaverahotel.cz\/wp-content\/uploads\/sites\/227\/2025\/03\/primavera-hotel-congress-.jpg\" \/>\n\t<meta property=\"og:image:width\" content=\"2345\" \/>\n\t<meta property=\"og:image:height\" content=\"1200\" \/>\n\t<meta property=\"og:image:type\" content=\"image\/jpeg\" \/>\n<meta name=\"twitter:card\" content=\"summary_large_image\" \/>\n<meta name=\"twitter:site\" content=\"@hotelprimavera\" \/>\n<script type=\"application\/ld+json\" class=\"yoast-schema-graph\">{\"@context\":\"https:\/\/schema.org\",\"@graph\":[{\"@type\":\"WebPage\",\"@id\":\"https:\/\/www.primaverahotel.cz\/de\/legal-info\/\",\"url\":\"https:\/\/www.primaverahotel.cz\/de\/legal-info\/\",\"name\":\"Legal Info &#8226; Primavera Hotel &amp; Congress centre\",\"isPartOf\":{\"@id\":\"https:\/\/www.primaverahotel.cz\/de\/#website\"},\"datePublished\":\"2025-03-31T14:19:30+00:00\",\"dateModified\":\"2025-03-31T14:21:34+00:00\",\"breadcrumb\":{\"@id\":\"https:\/\/www.primaverahotel.cz\/de\/legal-info\/#breadcrumb\"},\"inLanguage\":\"de-DE\",\"potentialAction\":[{\"@type\":\"ReadAction\",\"target\":[\"https:\/\/www.primaverahotel.cz\/de\/legal-info\/\"]}]},{\"@type\":\"BreadcrumbList\",\"@id\":\"https:\/\/www.primaverahotel.cz\/de\/legal-info\/#breadcrumb\",\"itemListElement\":[{\"@type\":\"ListItem\",\"position\":1,\"name\":\"Home\",\"item\":\"https:\/\/www.primaverahotel.cz\/de\/\"},{\"@type\":\"ListItem\",\"position\":2,\"name\":\"Legal Info\"}]},{\"@type\":\"WebSite\",\"@id\":\"https:\/\/www.primaverahotel.cz\/de\/#website\",\"url\":\"https:\/\/www.primaverahotel.cz\/de\/\",\"name\":\"Primavera Hotel & Congress centre\",\"description\":\"\",\"publisher\":{\"@id\":\"https:\/\/www.primaverahotel.cz\/de\/#organization\"},\"alternateName\":\"Primavera Hotel\",\"potentialAction\":[{\"@type\":\"SearchAction\",\"target\":{\"@type\":\"EntryPoint\",\"urlTemplate\":\"https:\/\/www.primaverahotel.cz\/de\/?s={search_term_string}\"},\"query-input\":\"required name=search_term_string\"}],\"inLanguage\":\"de-DE\"},{\"@type\":\"Organization\",\"@id\":\"https:\/\/www.primaverahotel.cz\/de\/#organization\",\"name\":\"Primavera Hotel & Congress centre\",\"url\":\"https:\/\/www.primaverahotel.cz\/de\/\",\"logo\":{\"@type\":\"ImageObject\",\"inLanguage\":\"de-DE\",\"@id\":\"https:\/\/www.primaverahotel.cz\/de\/#\/schema\/logo\/image\/\",\"url\":\"https:\/\/www.primaverahotel.cz\/wp-content\/uploads\/sites\/227\/2025\/03\/logo_primavera.png\",\"contentUrl\":\"https:\/\/www.primaverahotel.cz\/wp-content\/uploads\/sites\/227\/2025\/03\/logo_primavera.png\",\"width\":420,\"height\":200,\"caption\":\"Primavera Hotel & Congress centre\"},\"image\":{\"@id\":\"https:\/\/www.primaverahotel.cz\/de\/#\/schema\/logo\/image\/\"},\"sameAs\":[\"https:\/\/www.facebook.com\/primaverahotel.cz\",\"https:\/\/twitter.com\/hotelprimavera\",\"https:\/\/www.primaverahotel.cz\/www.youtube.com\/channel\/UCOPQjWRY1lIF95VFdBOc0yA\/\",\"https:\/\/www.instagram.com\/primavera.hotel\/\"]}]}<\/script>\n<!-- \/ Yoast SEO plugin. -->","yoast_head_json":{"title":"Legal Info &#8226; Primavera Hotel &amp; Congress centre","robots":{"index":"index","follow":"follow","max-snippet":"max-snippet:-1","max-image-preview":"max-image-preview:large","max-video-preview":"max-video-preview:-1"},"canonical":"https:\/\/www.primaverahotel.cz\/de\/legal-info\/","og_locale":"de_DE","og_type":"article","og_title":"Legal Info &#8226; Primavera Hotel &amp; Congress centre","og_description":"Hinweis zur Erf\u00fcllung der Informationspflicht (DSGVO) EXIMPO PLZE\u0147, spol. s r.o., Firmen-ID: 40523811, USt-ID CZ40523811, eingetragen beim Regionalgericht in Plze\u0148 unter Abteilung C, Datei 1015, mit Sitz in Nepomuck\u00e1 1058\/128, 326 00 Plze\u0148 (\u201eVerantwortlicher\u201c), verarbeitet personenbezogene Daten gem\u00e4\u00df der Verordnung (EU) 2016\/679 des Europ\u00e4ischen Parlaments und des Rates vom 27. April 2016, Allgemeine Datenschutzverordnung (\u201eDSGVO\u201c) [&hellip;]","og_url":"https:\/\/www.primaverahotel.cz\/de\/legal-info\/","og_site_name":"Primavera Hotel &amp; Congress centre","article_publisher":"https:\/\/www.facebook.com\/primaverahotel.cz","article_modified_time":"2025-03-31T14:21:34+00:00","og_image":[{"width":2345,"height":1200,"url":"https:\/\/www.primaverahotel.cz\/wp-content\/uploads\/sites\/227\/2025\/03\/primavera-hotel-congress-.jpg","type":"image\/jpeg"}],"twitter_card":"summary_large_image","twitter_site":"@hotelprimavera","schema":{"@context":"https:\/\/schema.org","@graph":[{"@type":"WebPage","@id":"https:\/\/www.primaverahotel.cz\/de\/legal-info\/","url":"https:\/\/www.primaverahotel.cz\/de\/legal-info\/","name":"Legal Info &#8226; Primavera Hotel &amp; Congress centre","isPartOf":{"@id":"https:\/\/www.primaverahotel.cz\/de\/#website"},"datePublished":"2025-03-31T14:19:30+00:00","dateModified":"2025-03-31T14:21:34+00:00","breadcrumb":{"@id":"https:\/\/www.primaverahotel.cz\/de\/legal-info\/#breadcrumb"},"inLanguage":"de-DE","potentialAction":[{"@type":"ReadAction","target":["https:\/\/www.primaverahotel.cz\/de\/legal-info\/"]}]},{"@type":"BreadcrumbList","@id":"https:\/\/www.primaverahotel.cz\/de\/legal-info\/#breadcrumb","itemListElement":[{"@type":"ListItem","position":1,"name":"Home","item":"https:\/\/www.primaverahotel.cz\/de\/"},{"@type":"ListItem","position":2,"name":"Legal Info"}]},{"@type":"WebSite","@id":"https:\/\/www.primaverahotel.cz\/de\/#website","url":"https:\/\/www.primaverahotel.cz\/de\/","name":"Primavera Hotel & Congress centre","description":"","publisher":{"@id":"https:\/\/www.primaverahotel.cz\/de\/#organization"},"alternateName":"Primavera Hotel","potentialAction":[{"@type":"SearchAction","target":{"@type":"EntryPoint","urlTemplate":"https:\/\/www.primaverahotel.cz\/de\/?s={search_term_string}"},"query-input":"required name=search_term_string"}],"inLanguage":"de-DE"},{"@type":"Organization","@id":"https:\/\/www.primaverahotel.cz\/de\/#organization","name":"Primavera Hotel & Congress centre","url":"https:\/\/www.primaverahotel.cz\/de\/","logo":{"@type":"ImageObject","inLanguage":"de-DE","@id":"https:\/\/www.primaverahotel.cz\/de\/#\/schema\/logo\/image\/","url":"https:\/\/www.primaverahotel.cz\/wp-content\/uploads\/sites\/227\/2025\/03\/logo_primavera.png","contentUrl":"https:\/\/www.primaverahotel.cz\/wp-content\/uploads\/sites\/227\/2025\/03\/logo_primavera.png","width":420,"height":200,"caption":"Primavera Hotel & Congress centre"},"image":{"@id":"https:\/\/www.primaverahotel.cz\/de\/#\/schema\/logo\/image\/"},"sameAs":["https:\/\/www.facebook.com\/primaverahotel.cz","https:\/\/twitter.com\/hotelprimavera","https:\/\/www.primaverahotel.cz\/www.youtube.com\/channel\/UCOPQjWRY1lIF95VFdBOc0yA\/","https:\/\/www.instagram.com\/primavera.hotel\/"]}]}},"acf":[],"_links":{"self":[{"href":"https:\/\/www.primaverahotel.cz\/de\/wp-json\/wp\/v2\/pages\/250"}],"collection":[{"href":"https:\/\/www.primaverahotel.cz\/de\/wp-json\/wp\/v2\/pages"}],"about":[{"href":"https:\/\/www.primaverahotel.cz\/de\/wp-json\/wp\/v2\/types\/page"}],"author":[{"embeddable":true,"href":"https:\/\/www.primaverahotel.cz\/de\/wp-json\/wp\/v2\/users\/8"}],"replies":[{"embeddable":true,"href":"https:\/\/www.primaverahotel.cz\/de\/wp-json\/wp\/v2\/comments?post=250"}],"version-history":[{"count":0,"href":"https:\/\/www.primaverahotel.cz\/de\/wp-json\/wp\/v2\/pages\/250\/revisions"}],"wp:attachment":[{"href":"https:\/\/www.primaverahotel.cz\/de\/wp-json\/wp\/v2\/media?parent=250"}],"curies":[{"name":"wp","href":"https:\/\/api.w.org\/{rel}","templated":true}]}}